{"id":2562,"date":"2019-03-20T14:10:43","date_gmt":"2019-03-20T13:10:43","guid":{"rendered":"http:\/\/hotelcarlton.ms.decms.eu\/sale-meeting\/"},"modified":"2022-11-18T09:20:33","modified_gmt":"2022-11-18T08:20:33","slug":"reunion","status":"publish","type":"page","link":"https:\/\/www.hotelcarlton.net\/fr\/reunion\/","title":{"rendered":"Reunion"},"content":{"rendered":"<p><strong>Vos s\u00e9minaires au c\u0153ur de Ferrare !<\/strong><\/p>\n<p>Si vous cherchez le lieu id\u00e9al pour organiser un s\u00e9minaire, une r\u00e9union de travail, le lancement d\u2019un produit ou une r\u00e9ception, nos nouvelles salles sont ce qu\u2019il vous faut.<br \/>\nGr\u00e2ce \u00e0 nos 2 salles modulables, dot\u00e9es de lumi\u00e8re naturelle et am\u00e9nag\u00e9es avec les technologies audio-vid\u00e9o les plus r\u00e9centes, nous pouvons accueillir jusqu\u2019\u00e0 120 personnes.<\/p>\n<p>Sur demande, nous pouvons organiser pauses caf\u00e9, buffets, ap\u00e9ritifs, d\u00e9jeuners ou diners.<br \/>\nLe garage priv\u00e9 et le grand parking public face \u00e0 l\u2019h\u00f4tel Carlton permettent un acc\u00e8s pratique en voiture.<br \/>\nPour r\u00e9server votre salle de r\u00e9union et \u00e9tudier ensemble la meilleure solution pour votre s\u00e9minaire, n\u2019h\u00e9sitez pas \u00e0 nous contacter :<\/p>\n<p>&nbsp;<\/p>\n<p><strong>HOTEL CARLTON FERRARA<\/strong><br \/>\nTEL +39 0532-211130<br \/>\nFax +39 0532-205766<br \/>\nMail: info@hotelcarlton.net<br \/>\nDemandez un devis gratuit<\/p>\n<p>&nbsp;<\/p>\n<p><strong>Planim\u00e9tries:<\/strong><\/p>\n<ul>\n<li><a href=\"https:\/\/www.hotelcarlton.net\/wp-content\/uploads\/sites\/19\/2022\/07\/PLANIMETRIA-SALA-DIAMANTI.pdf\" target=\"_blank\" rel=\"noopener\">Salle Diamanti<\/a><\/li>\n<li><a href=\"https:\/\/www.hotelcarlton.net\/wp-content\/uploads\/sites\/19\/2022\/07\/PLANIMETRIA-SALA-DIAMANTI-CHEVRON.pdf\" target=\"_blank\" rel=\"noopener\">Salle Diamanti chevron<\/a><\/li>\n<li><a href=\"https:\/\/www.hotelcarlton.net\/wp-content\/uploads\/sites\/19\/2022\/07\/PLANIMETRIA-SALA-PLENARIA.pdf\" target=\"_blank\" rel=\"noopener\">Salle Diamanti + Salle Marfisa<\/a><\/li>\n<li><a href=\"https:\/\/www.hotelcarlton.net\/wp-content\/uploads\/sites\/19\/2022\/07\/PLANIMETRIA-SALA-MARFISA.pdf\" target=\"_blank\" rel=\"noopener\">Salle Marfisa<\/a><\/li>\n<\/ul>\n<p>Mat\u00e9riel de base pr\u00e9vu dans la location de la salle :<\/p>\n<table>\n<tbody>\n<tr>\n<th>connexion wi-fi<\/th>\n<th>ordinateur PC portable<\/th>\n<\/tr>\n<tr>\n<th>projecteurs vid\u00e9o<\/th>\n<th>eau min\u00e9rale<\/th>\n<\/tr>\n<tr>\n<th>papier, stylos<\/th>\n<th>r\u00e9troprojecteur<\/th>\n<\/tr>\n<tr>\n<th>tableau \u00e0 feuilles mobiles<\/th>\n<th>micros et amplificateurs<\/th>\n<\/tr>\n<tr>\n<th>\u00e9cran pour projections<\/th>\n<th><\/th>\n<\/tr>\n<\/tbody>\n<\/table>\n<p>&nbsp;<\/p>\n","protected":false},"excerpt":{"rendered":"<p>Vos s\u00e9minaires au c\u0153ur de Ferrare ! Si vous cherchez le lieu id\u00e9al pour organiser un s\u00e9minaire, une r\u00e9union de travail, le lancement d\u2019un produit ou une r\u00e9ception, nos nouvelles salles sont ce qu\u2019il vous faut. Gr\u00e2ce \u00e0 nos 2 salles modulables, dot\u00e9es de lumi\u00e8re naturelle et am\u00e9nag\u00e9es avec les technologies audio-vid\u00e9o les plus r\u00e9centes, [&hellip;]<\/p>\n","protected":false},"author":13,"featured_media":0,"parent":0,"menu_order":6,"comment_status":"closed","ping_status":"closed","template":"template-meeting-and-wedding.php","meta":{"footnotes":""},"class_list":["post-2562","page","type-page","status-publish","hentry"],"yoast_head":"<!-- This site is optimized with the Yoast SEO plugin v26.9 - https:\/\/yoast.com\/product\/yoast-seo-wordpress\/ -->\n<title>Reunion - Hotel Carlton<\/title>\n<meta name=\"robots\" content=\"index, follow, max-snippet:-1, max-image-preview:large, max-video-preview:-1\" \/>\n<link rel=\"canonical\" href=\"https:\/\/www.hotelcarlton.net\/fr\/reunion\/\" \/>\n<meta property=\"og:locale\" content=\"fr_FR\" \/>\n<meta property=\"og:type\" content=\"article\" \/>\n<meta property=\"og:title\" content=\"Reunion - Hotel Carlton\" \/>\n<meta property=\"og:description\" content=\"Vos s\u00e9minaires au c\u0153ur de Ferrare ! Si vous cherchez le lieu id\u00e9al pour organiser un s\u00e9minaire, une r\u00e9union de travail, le lancement d\u2019un produit ou une r\u00e9ception, nos nouvelles salles sont ce qu\u2019il vous faut. Gr\u00e2ce \u00e0 nos 2 salles modulables, dot\u00e9es de lumi\u00e8re naturelle et am\u00e9nag\u00e9es avec les technologies audio-vid\u00e9o les plus r\u00e9centes, [&hellip;]\" \/>\n<meta property=\"og:url\" content=\"https:\/\/www.hotelcarlton.net\/fr\/reunion\/\" \/>\n<meta property=\"og:site_name\" content=\"Hotel Carlton\" \/>\n<meta property=\"article:modified_time\" content=\"2022-11-18T08:20:33+00:00\" \/>\n<meta name=\"twitter:card\" content=\"summary_large_image\" \/>\n<meta name=\"twitter:label1\" content=\"Dur\u00e9e de lecture estim\u00e9e\" \/>\n\t<meta name=\"twitter:data1\" content=\"1 minute\" \/>\n<script type=\"application\/ld+json\" class=\"yoast-schema-graph\">{\"@context\":\"https:\/\/schema.org\",\"@graph\":[{\"@type\":\"WebPage\",\"@id\":\"https:\/\/www.hotelcarlton.net\/fr\/reunion\/\",\"url\":\"https:\/\/www.hotelcarlton.net\/fr\/reunion\/\",\"name\":\"Reunion - Hotel Carlton\",\"isPartOf\":{\"@id\":\"https:\/\/www.hotelcarlton.net\/fr\/#website\"},\"datePublished\":\"2019-03-20T13:10:43+00:00\",\"dateModified\":\"2022-11-18T08:20:33+00:00\",\"breadcrumb\":{\"@id\":\"https:\/\/www.hotelcarlton.net\/fr\/reunion\/#breadcrumb\"},\"inLanguage\":\"fr-FR\",\"potentialAction\":[{\"@type\":\"ReadAction\",\"target\":[\"https:\/\/www.hotelcarlton.net\/fr\/reunion\/\"]}]},{\"@type\":\"BreadcrumbList\",\"@id\":\"https:\/\/www.hotelcarlton.net\/fr\/reunion\/#breadcrumb\",\"itemListElement\":[{\"@type\":\"ListItem\",\"position\":1,\"name\":\"Home\",\"item\":\"https:\/\/www.hotelcarlton.net\/fr\/\"},{\"@type\":\"ListItem\",\"position\":2,\"name\":\"Reunion\"}]},{\"@type\":\"WebSite\",\"@id\":\"https:\/\/www.hotelcarlton.net\/fr\/#website\",\"url\":\"https:\/\/www.hotelcarlton.net\/fr\/\",\"name\":\"Hotel Carlton\",\"description\":\"Ecco un altro sito ms.decms.eu\",\"potentialAction\":[{\"@type\":\"SearchAction\",\"target\":{\"@type\":\"EntryPoint\",\"urlTemplate\":\"https:\/\/www.hotelcarlton.net\/fr\/?s={search_term_string}\"},\"query-input\":{\"@type\":\"PropertyValueSpecification\",\"valueRequired\":true,\"valueName\":\"search_term_string\"}}],\"inLanguage\":\"fr-FR\"}]}<\/script>\n<!-- \/ Yoast SEO plugin. -->","yoast_head_json":{"title":"Reunion - Hotel Carlton","robots":{"index":"index","follow":"follow","max-snippet":"max-snippet:-1","max-image-preview":"max-image-preview:large","max-video-preview":"max-video-preview:-1"},"canonical":"https:\/\/www.hotelcarlton.net\/fr\/reunion\/","og_locale":"fr_FR","og_type":"article","og_title":"Reunion - Hotel Carlton","og_description":"Vos s\u00e9minaires au c\u0153ur de Ferrare ! Si vous cherchez le lieu id\u00e9al pour organiser un s\u00e9minaire, une r\u00e9union de travail, le lancement d\u2019un produit ou une r\u00e9ception, nos nouvelles salles sont ce qu\u2019il vous faut. Gr\u00e2ce \u00e0 nos 2 salles modulables, dot\u00e9es de lumi\u00e8re naturelle et am\u00e9nag\u00e9es avec les technologies audio-vid\u00e9o les plus r\u00e9centes, [&hellip;]","og_url":"https:\/\/www.hotelcarlton.net\/fr\/reunion\/","og_site_name":"Hotel Carlton","article_modified_time":"2022-11-18T08:20:33+00:00","twitter_card":"summary_large_image","twitter_misc":{"Dur\u00e9e de lecture estim\u00e9e":"1 minute"},"schema":{"@context":"https:\/\/schema.org","@graph":[{"@type":"WebPage","@id":"https:\/\/www.hotelcarlton.net\/fr\/reunion\/","url":"https:\/\/www.hotelcarlton.net\/fr\/reunion\/","name":"Reunion - Hotel Carlton","isPartOf":{"@id":"https:\/\/www.hotelcarlton.net\/fr\/#website"},"datePublished":"2019-03-20T13:10:43+00:00","dateModified":"2022-11-18T08:20:33+00:00","breadcrumb":{"@id":"https:\/\/www.hotelcarlton.net\/fr\/reunion\/#breadcrumb"},"inLanguage":"fr-FR","potentialAction":[{"@type":"ReadAction","target":["https:\/\/www.hotelcarlton.net\/fr\/reunion\/"]}]},{"@type":"BreadcrumbList","@id":"https:\/\/www.hotelcarlton.net\/fr\/reunion\/#breadcrumb","itemListElement":[{"@type":"ListItem","position":1,"name":"Home","item":"https:\/\/www.hotelcarlton.net\/fr\/"},{"@type":"ListItem","position":2,"name":"Reunion"}]},{"@type":"WebSite","@id":"https:\/\/www.hotelcarlton.net\/fr\/#website","url":"https:\/\/www.hotelcarlton.net\/fr\/","name":"Hotel Carlton","description":"Ecco un altro sito ms.decms.eu","potentialAction":[{"@type":"SearchAction","target":{"@type":"EntryPoint","urlTemplate":"https:\/\/www.hotelcarlton.net\/fr\/?s={search_term_string}"},"query-input":{"@type":"PropertyValueSpecification","valueRequired":true,"valueName":"search_term_string"}}],"inLanguage":"fr-FR"}]}},"acf":[],"_links":{"self":[{"href":"https:\/\/www.hotelcarlton.net\/fr\/wp-json\/wp\/v2\/pages\/2562","targetHints":{"allow":["GET"]}}],"collection":[{"href":"https:\/\/www.hotelcarlton.net\/fr\/wp-json\/wp\/v2\/pages"}],"about":[{"href":"https:\/\/www.hotelcarlton.net\/fr\/wp-json\/wp\/v2\/types\/page"}],"author":[{"embeddable":true,"href":"https:\/\/www.hotelcarlton.net\/fr\/wp-json\/wp\/v2\/users\/13"}],"replies":[{"embeddable":true,"href":"https:\/\/www.hotelcarlton.net\/fr\/wp-json\/wp\/v2\/comments?post=2562"}],"version-history":[{"count":0,"href":"https:\/\/www.hotelcarlton.net\/fr\/wp-json\/wp\/v2\/pages\/2562\/revisions"}],"wp:attachment":[{"href":"https:\/\/www.hotelcarlton.net\/fr\/wp-json\/wp\/v2\/media?parent=2562"}],"curies":[{"name":"wp","href":"https:\/\/api.w.org\/{rel}","templated":true}]}}