{"id":2555,"date":"2019-03-20T14:04:11","date_gmt":"2019-03-20T13:04:11","guid":{"rendered":"http:\/\/hotelcarlton.ms.decms.eu\/les-chambres\/panoramic-room\/"},"modified":"2019-04-17T15:47:49","modified_gmt":"2019-04-17T13:47:49","slug":"chambre-panoramique","status":"publish","type":"page","link":"https:\/\/www.hotelcarlton.net\/fr\/les-chambres\/chambre-panoramique\/","title":{"rendered":"Chambre Panoramique"},"content":{"rendered":"<p><strong>\u201cFerrare vu d\u2019en haut !\u201d<\/strong><\/p>\n<p><em>Nos chambres panoramiques se trouvent aux 4e, 5e et 6e \u00e9tages, certaines avec terrasse d\u2019o\u00f9 l\u2019on peut admirer une magnifique vue du Ch\u00e2teau, de la Cath\u00e9drale et de tout le centre historique.<\/em><\/p>\n<p>Connexion Wi-Fi illimit\u00e9e, t\u00e9l\u00e9viseur LCD Philips avec \u00e9cran 32\u201d, chaines tv sat e<strong> SKY<\/strong>, t\u00e9l\u00e9phone, minibar, coffre-fort \u00e9lectronique, sanitaires Pozzi &amp; Ginori, douche ou baignoire, s\u00e8che-cheveux, armoires en bois naturel, sol anti allergique LTE Plankwood, chambres non-fumeurs, chambres pour personnes \u00e0 mobilit\u00e9 r\u00e9duite, possibilit\u00e9 de terrasse.<\/p>\n<p><strong>Dimensions:<\/strong> 14-30 mq<\/p>\n","protected":false},"excerpt":{"rendered":"<p>\u201cFerrare vu d\u2019en haut !\u201d Nos chambres panoramiques se trouvent aux 4e, 5e et 6e \u00e9tages, certaines avec terrasse d\u2019o\u00f9 l\u2019on peut admirer une magnifique vue du Ch\u00e2teau, de la Cath\u00e9drale et de tout le centre historique. Connexion Wi-Fi illimit\u00e9e, t\u00e9l\u00e9viseur LCD Philips avec \u00e9cran 32\u201d, chaines tv sat e SKY, t\u00e9l\u00e9phone, minibar, coffre-fort \u00e9lectronique, [&hellip;]<\/p>\n","protected":false},"author":13,"featured_media":0,"parent":2533,"menu_order":3,"comment_status":"closed","ping_status":"closed","template":"template-single-room.php","meta":{"footnotes":""},"class_list":["post-2555","page","type-page","status-publish","hentry"],"yoast_head":"<!-- This site is optimized with the Yoast SEO plugin v26.9 - https:\/\/yoast.com\/product\/yoast-seo-wordpress\/ -->\n<title>Chambre Panoramique - Hotel Carlton<\/title>\n<meta name=\"robots\" content=\"index, follow, max-snippet:-1, max-image-preview:large, max-video-preview:-1\" \/>\n<link rel=\"canonical\" href=\"https:\/\/www.hotelcarlton.net\/fr\/les-chambres\/chambre-panoramique\/\" \/>\n<meta property=\"og:locale\" content=\"fr_FR\" \/>\n<meta property=\"og:type\" content=\"article\" \/>\n<meta property=\"og:title\" content=\"Chambre Panoramique - Hotel Carlton\" \/>\n<meta property=\"og:description\" content=\"\u201cFerrare vu d\u2019en haut !\u201d Nos chambres panoramiques se trouvent aux 4e, 5e et 6e \u00e9tages, certaines avec terrasse d\u2019o\u00f9 l\u2019on peut admirer une magnifique vue du Ch\u00e2teau, de la Cath\u00e9drale et de tout le centre historique. Connexion Wi-Fi illimit\u00e9e, t\u00e9l\u00e9viseur LCD Philips avec \u00e9cran 32\u201d, chaines tv sat e SKY, t\u00e9l\u00e9phone, minibar, coffre-fort \u00e9lectronique, [&hellip;]\" \/>\n<meta property=\"og:url\" content=\"https:\/\/www.hotelcarlton.net\/fr\/les-chambres\/chambre-panoramique\/\" \/>\n<meta property=\"og:site_name\" content=\"Hotel Carlton\" \/>\n<meta property=\"article:modified_time\" content=\"2019-04-17T13:47:49+00:00\" \/>\n<meta name=\"twitter:card\" content=\"summary_large_image\" \/>\n<script type=\"application\/ld+json\" class=\"yoast-schema-graph\">{\"@context\":\"https:\/\/schema.org\",\"@graph\":[{\"@type\":\"WebPage\",\"@id\":\"https:\/\/www.hotelcarlton.net\/fr\/les-chambres\/chambre-panoramique\/\",\"url\":\"https:\/\/www.hotelcarlton.net\/fr\/les-chambres\/chambre-panoramique\/\",\"name\":\"Chambre Panoramique - Hotel Carlton\",\"isPartOf\":{\"@id\":\"https:\/\/www.hotelcarlton.net\/fr\/#website\"},\"datePublished\":\"2019-03-20T13:04:11+00:00\",\"dateModified\":\"2019-04-17T13:47:49+00:00\",\"breadcrumb\":{\"@id\":\"https:\/\/www.hotelcarlton.net\/fr\/les-chambres\/chambre-panoramique\/#breadcrumb\"},\"inLanguage\":\"fr-FR\",\"potentialAction\":[{\"@type\":\"ReadAction\",\"target\":[\"https:\/\/www.hotelcarlton.net\/fr\/les-chambres\/chambre-panoramique\/\"]}]},{\"@type\":\"BreadcrumbList\",\"@id\":\"https:\/\/www.hotelcarlton.net\/fr\/les-chambres\/chambre-panoramique\/#breadcrumb\",\"itemListElement\":[{\"@type\":\"ListItem\",\"position\":1,\"name\":\"Home\",\"item\":\"https:\/\/www.hotelcarlton.net\/fr\/\"},{\"@type\":\"ListItem\",\"position\":2,\"name\":\"Les Chambres\",\"item\":\"https:\/\/www.hotelcarlton.net\/fr\/les-chambres\/\"},{\"@type\":\"ListItem\",\"position\":3,\"name\":\"Chambre Panoramique\"}]},{\"@type\":\"WebSite\",\"@id\":\"https:\/\/www.hotelcarlton.net\/fr\/#website\",\"url\":\"https:\/\/www.hotelcarlton.net\/fr\/\",\"name\":\"Hotel Carlton\",\"description\":\"Ecco un altro sito ms.decms.eu\",\"potentialAction\":[{\"@type\":\"SearchAction\",\"target\":{\"@type\":\"EntryPoint\",\"urlTemplate\":\"https:\/\/www.hotelcarlton.net\/fr\/?s={search_term_string}\"},\"query-input\":{\"@type\":\"PropertyValueSpecification\",\"valueRequired\":true,\"valueName\":\"search_term_string\"}}],\"inLanguage\":\"fr-FR\"}]}<\/script>\n<!-- \/ Yoast SEO plugin. -->","yoast_head_json":{"title":"Chambre Panoramique - Hotel Carlton","robots":{"index":"index","follow":"follow","max-snippet":"max-snippet:-1","max-image-preview":"max-image-preview:large","max-video-preview":"max-video-preview:-1"},"canonical":"https:\/\/www.hotelcarlton.net\/fr\/les-chambres\/chambre-panoramique\/","og_locale":"fr_FR","og_type":"article","og_title":"Chambre Panoramique - Hotel Carlton","og_description":"\u201cFerrare vu d\u2019en haut !\u201d Nos chambres panoramiques se trouvent aux 4e, 5e et 6e \u00e9tages, certaines avec terrasse d\u2019o\u00f9 l\u2019on peut admirer une magnifique vue du Ch\u00e2teau, de la Cath\u00e9drale et de tout le centre historique. Connexion Wi-Fi illimit\u00e9e, t\u00e9l\u00e9viseur LCD Philips avec \u00e9cran 32\u201d, chaines tv sat e SKY, t\u00e9l\u00e9phone, minibar, coffre-fort \u00e9lectronique, [&hellip;]","og_url":"https:\/\/www.hotelcarlton.net\/fr\/les-chambres\/chambre-panoramique\/","og_site_name":"Hotel Carlton","article_modified_time":"2019-04-17T13:47:49+00:00","twitter_card":"summary_large_image","schema":{"@context":"https:\/\/schema.org","@graph":[{"@type":"WebPage","@id":"https:\/\/www.hotelcarlton.net\/fr\/les-chambres\/chambre-panoramique\/","url":"https:\/\/www.hotelcarlton.net\/fr\/les-chambres\/chambre-panoramique\/","name":"Chambre Panoramique - Hotel Carlton","isPartOf":{"@id":"https:\/\/www.hotelcarlton.net\/fr\/#website"},"datePublished":"2019-03-20T13:04:11+00:00","dateModified":"2019-04-17T13:47:49+00:00","breadcrumb":{"@id":"https:\/\/www.hotelcarlton.net\/fr\/les-chambres\/chambre-panoramique\/#breadcrumb"},"inLanguage":"fr-FR","potentialAction":[{"@type":"ReadAction","target":["https:\/\/www.hotelcarlton.net\/fr\/les-chambres\/chambre-panoramique\/"]}]},{"@type":"BreadcrumbList","@id":"https:\/\/www.hotelcarlton.net\/fr\/les-chambres\/chambre-panoramique\/#breadcrumb","itemListElement":[{"@type":"ListItem","position":1,"name":"Home","item":"https:\/\/www.hotelcarlton.net\/fr\/"},{"@type":"ListItem","position":2,"name":"Les Chambres","item":"https:\/\/www.hotelcarlton.net\/fr\/les-chambres\/"},{"@type":"ListItem","position":3,"name":"Chambre Panoramique"}]},{"@type":"WebSite","@id":"https:\/\/www.hotelcarlton.net\/fr\/#website","url":"https:\/\/www.hotelcarlton.net\/fr\/","name":"Hotel Carlton","description":"Ecco un altro sito ms.decms.eu","potentialAction":[{"@type":"SearchAction","target":{"@type":"EntryPoint","urlTemplate":"https:\/\/www.hotelcarlton.net\/fr\/?s={search_term_string}"},"query-input":{"@type":"PropertyValueSpecification","valueRequired":true,"valueName":"search_term_string"}}],"inLanguage":"fr-FR"}]}},"acf":[],"_links":{"self":[{"href":"https:\/\/www.hotelcarlton.net\/fr\/wp-json\/wp\/v2\/pages\/2555","targetHints":{"allow":["GET"]}}],"collection":[{"href":"https:\/\/www.hotelcarlton.net\/fr\/wp-json\/wp\/v2\/pages"}],"about":[{"href":"https:\/\/www.hotelcarlton.net\/fr\/wp-json\/wp\/v2\/types\/page"}],"author":[{"embeddable":true,"href":"https:\/\/www.hotelcarlton.net\/fr\/wp-json\/wp\/v2\/users\/13"}],"replies":[{"embeddable":true,"href":"https:\/\/www.hotelcarlton.net\/fr\/wp-json\/wp\/v2\/comments?post=2555"}],"version-history":[{"count":0,"href":"https:\/\/www.hotelcarlton.net\/fr\/wp-json\/wp\/v2\/pages\/2555\/revisions"}],"up":[{"embeddable":true,"href":"https:\/\/www.hotelcarlton.net\/fr\/wp-json\/wp\/v2\/pages\/2533"}],"wp:attachment":[{"href":"https:\/\/www.hotelcarlton.net\/fr\/wp-json\/wp\/v2\/media?parent=2555"}],"curies":[{"name":"wp","href":"https:\/\/api.w.org\/{rel}","templated":true}]}}